{"id":1137,"date":"2023-11-21T07:53:47","date_gmt":"2023-11-21T12:53:47","guid":{"rendered":"http:\/\/www.cabvwi.org\/les-ressources\/"},"modified":"2025-06-23T11:42:53","modified_gmt":"2025-06-23T15:42:53","slug":"les-ressources","status":"publish","type":"page","link":"https:\/\/www.cabvwi.org\/fr\/les-ressources\/","title":{"rendered":"Les ressources"},"content":{"rendered":"\n<div class=\"wp-block-group has-raft-bg-background-color has-background is-layout-constrained wp-container-core-group-is-layout-edf05be3 wp-block-group-is-layout-constrained\" style=\"margin-top:0;margin-bottom:0;padding-top:0;padding-right:0;padding-bottom:25px;padding-left:0\">\n<h1 class=\"wp-block-heading has-light-green-cyan-color has-text-color has-link-color wp-elements-489a70a90fcc66216d06ffe99733e38a\">Les droits d&rsquo;un b\u00e9n\u00e9vole<\/h1>\n\n\n\n<p class=\"has-raft-fg-alt-background-color has-background\"><strong>Le droit de se sentir en s\u00e9curit\u00e9<\/strong><br>Vous avez le droit d\u2019\u00eatre inform\u00e9 de tous risques potentiels et d\u2019avoir des mesures de pr\u00e9caution et des proc\u00e9dures de s\u00e9curit\u00e9 en place pour assurer votre bien-\u00eatre physique et \u00e9motionnel.<br><br><strong>Le droit \u00e0 l\u2019information au sujet de votre r\u00f4le de b\u00e9n\u00e9vole ou d\u2019un projet<\/strong><br>Vous avez le droit de conna\u00eetre le qui, le quoi, le quand et le comment de votre poste de b\u00e9n\u00e9vole.<br><br><strong>Le droit de vous sentir valoris\u00e9<\/strong><br>Vous avez le droit de sentir que votre temps et votre contribution tant aussi longtemps que vous faites du b\u00e9n\u00e9volat, et quelque que soit votre t\u00e2che, sont appr\u00e9ci\u00e9s.<br><br><strong>Le droit de n\u00e9gocier votre r\u00f4le comme b\u00e9n\u00e9vole<\/strong><br>Vous avez le droit de discuter avec votre superviseur des moyens que vous pourriez prendre pour \u00eatre en mesure de changer votre r\u00f4le ou de travailler sur un autre projet ou dans un autre poste.<br><br><strong>Le droit de quitter<\/strong><br>Vous avez le droit de laisser votre poste de b\u00e9n\u00e9vole et de faire autre chose si, apr\u00e8s avoir parl\u00e9 et travaill\u00e9 avec votre superviseur, vous vous sentez toujours malheureux, incompris et non satisfait avec votre exp\u00e9rience.<br><br>Pour plus d&rsquo;informations sur vos droits comme b\u00e9n\u00e9vole: <a href=\"https:\/\/www.dropbox.com\/scl\/fi\/gy9uec1xjavtiih407l0i\/Charte-des-droits-et-responsabilit-s-du-b-n-vole.pdf?rlkey=0vtlffjroclp2ma6b0lh1wn07&amp;st=px6l1ysn&amp;dl=0\" data-type=\"link\" data-id=\"https:\/\/www.dropbox.com\/scl\/fi\/gy9uec1xjavtiih407l0i\/Charte-des-droits-et-responsabilit-s-du-b-n-vole.pdf?rlkey=0vtlffjroclp2ma6b0lh1wn07&amp;st=px6l1ysn&amp;dl=0\" target=\"_blank\" rel=\"noreferrer noopener\"><span style=\"text-decoration: underline;\">Charte des droits et responsabilit\u00e9s du b\u00e9n\u00e9vole<\/span><\/a><\/p>\n<\/div>\n\n\n\n<div class=\"wp-block-group has-raft-bg-background-color has-background is-layout-constrained wp-container-core-group-is-layout-edf05be3 wp-block-group-is-layout-constrained\" style=\"margin-top:0;margin-bottom:0;padding-top:0;padding-right:0;padding-bottom:25px;padding-left:0\">\n<h1 class=\"wp-block-heading has-light-green-cyan-color has-text-color has-link-color wp-elements-15006cb7c87d075c16822f060d87e48e\">Les devoirs des b\u00e9n\u00e9voles<\/h1>\n\n\n\n<p class=\"has-raft-fg-alt-background-color has-background\"><strong>Respect de leur engagement<\/strong><br>Dans la mesure o\u00f9 les b\u00e9n\u00e9voles s\u2019engagent \u00e0 accomplir une t\u00e2che ou \u00e0 assumer une responsabilit\u00e9 clairement d\u00e9finie, ils doivent, dans la mesure du possible, respecter leur engagement et les obligations qui en d\u00e9coulent.<br><br><strong>Devoir d\u2019information et de transparence<\/strong><br>\u00c9tant partie prenante \u00e0 la r\u00e9alisation de la mission et des activit\u00e9s d\u2019une organisation et, souvent, membres d\u2019\u00e9quipes, les b\u00e9n\u00e9voles ont un devoir d\u2019information et de transparence par rapport \u00e0 leurs activit\u00e9s envers l\u2019organisation et les groupes auxquels ils appartiennent.<br><br><strong>Respect des personnes<\/strong><br>Dans l\u2019exercice de leurs t\u00e2ches et de leurs responsabilit\u00e9s, les b\u00e9n\u00e9voles agissent la plupart du temps aupr\u00e8s de personnes et de groupes, comme tout citoyen et, qui plus est, comme partie int\u00e9grante de l\u2019organisation, ils doivent respecter les personnes et les groupes.<br><br><strong>Respect des r\u00e8glements et des instances<\/strong><br>En s\u2019engageant aupr\u00e8s d\u2019une organisation, le b\u00e9n\u00e9vole accepte et a le devoir de respecter les r\u00e8gles et proc\u00e9dures d\u00e9finies aux r\u00e8glements g\u00e9n\u00e9raux et les gestes pos\u00e9s en bonne et due forme par ses instances.<br><br><strong><strong>Responsable de prendre soin de soi<\/strong><\/strong><br>Veillez \u00e0 ne pas vous surmener, \u00e0 ne pas vous \u00e9puiser ou \u00e0 ne pas vous blesser physiquement, mentalement ou \u00e9motionnellement en acceptant des r\u00f4les qui ne vous conviennent pas ou pour lesquels vous n&rsquo;\u00eates pas pr\u00e9par\u00e9.<\/p>\n<\/div>\n\n\n\n<div class=\"wp-block-group has-raft-bg-background-color has-background is-layout-constrained wp-container-core-group-is-layout-edf05be3 wp-block-group-is-layout-constrained\" style=\"margin-top:0;margin-bottom:0;padding-top:0;padding-right:0;padding-bottom:25px;padding-left:0\">\n<h1 class=\"wp-block-heading\" id=\"why-a-police-check\">Pourquoi une v\u00e9rification de dossiers de police?<\/h1>\n\n\n\n<p class=\"has-raft-fg-alt-background-color has-background\">Le CAB peut faire le travail de v\u00e9rifications de dossiers de police pour vous. Les organismes ont le devoir de prot\u00e9ger leur personnel, les b\u00e9n\u00e9voles, les membres et les clients de tout mal ou mauvais incident. Le CAB sera heureux de proc\u00e9der \u00e0 des v\u00e9rifications de dossiers de police pour les groupes communautaires qui travaillent sp\u00e9cifiquement avec les enfants, les personnes \u00e2g\u00e9es ou celles qui sont physiquement ou intellectuellement handicap\u00e9es. Une bonne s\u00e9lection et une formation sont essentielles pour rencontrer la norme de diligence requise.<br><br>Pour plus d\u2019information au sujet des v\u00e9rifications de dossiers de police, consultez <a href=\"https:\/\/www.dropbox.com\/scl\/fi\/7pp4llmzwpfh1tolcgmj4\/Mieux-comprendre-la-verification-des-dossiers-de-police.pdf?rlkey=lwb56lfcue3r9gl0bqr8evmvo&amp;st=kqyeqwp6&amp;dl=0\">mieux comprendre la v\u00e9rification des dossiers de police<\/a>.<br><br><strong>Est-ce que la v\u00e9rification des ant\u00e9c\u00e9dents est obligatoire?<\/strong><br><br>Non, mais si un candidat b\u00e9n\u00e9vole a commis une infraction, plusieurs facteurs doivent \u00eatre consid\u00e9r\u00e9s pour d\u00e9terminer si cette infraction est li\u00e9e \u00e0 l\u2019aptitude du candidat \u00e0 occuper le poste de b\u00e9n\u00e9vole. M\u00eame si l\u2019enqu\u00eateur ne divulguera jamais l\u2019incident, s\u2019il y en a un, nous ne pourrions obtenir les r\u00e9sultats que si le candidat s\u2019engage par \u00e9crit et d\u00e9cide de divulguer l\u2019incident. N\u2019oubliez pas les v\u00e9rifications de dossiers de police ne sont valides que pour 3 ans.<\/p>\n\n\n\n<p class=\"has-raft-fg-alt-background-color has-background\">Si vous avez des questions communiquer avec nous \u00e0 <strong><a href=\"mailto:volunteers@volunteerwestisland.org\" target=\"_blank\" rel=\"noreferrer noopener\"><mark style=\"background-color:rgba(0, 0, 0, 0);color:#ff6900\" class=\"has-inline-color\">volunteers@volunteerwestisland.org<\/mark><\/a><\/strong> ou <strong>(514) 457-5445 poste 226.<\/strong><\/p>\n<\/div>\n\n\n\n<div class=\"wp-block-group has-raft-bg-background-color has-background is-layout-constrained wp-container-core-group-is-layout-edf05be3 wp-block-group-is-layout-constrained\" style=\"margin-top:0;margin-bottom:0;padding-top:0;padding-right:0;padding-bottom:25px;padding-left:0\">\n<h1 class=\"wp-block-heading has-light-green-cyan-color has-text-color has-link-color wp-elements-55aeb6fc5b942078a1628d48d2031d36\">Le code canadien de b\u00e9n\u00e9volat<\/h1>\n\n\n\n<p class=\"has-raft-fg-alt-background-color has-background\"><strong>Le code canadien de b\u00e9n\u00e9volat<\/strong> est un guide pour renforcer les relations entre les b\u00e9n\u00e9voles et l\u2019organisme pour assurer une participation efficace de la part des b\u00e9n\u00e9voles. Le code regarde comment int\u00e9grer les principes de base tels que les valeurs, les lignes directrices et les normes.<br><br>Pour plus d\u2019informations sur le filtrage, veuillez consulter le <a href=\"https:\/\/www.dropbox.com\/scl\/fi\/vdhedkpgu86ld23sh53tm\/Code-canadien-du-benevolat.pdf?rlkey=vawfwif7dsfwgyh6jktdkl3uq&amp;e=1&amp;st=sc20mtt2&amp;dl=0\" target=\"_blank\" rel=\"noreferrer noopener\">code canadien de b\u00e9n\u00e9volat<\/a><strong>.<\/strong><\/p>\n<\/div>\n\n\n\n<div class=\"wp-block-group has-raft-bg-background-color has-background is-layout-constrained wp-container-core-group-is-layout-edf05be3 wp-block-group-is-layout-constrained\" style=\"margin-top:0;margin-bottom:0;padding-top:0;padding-right:0;padding-bottom:25px;padding-left:0\">\n<h1 class=\"wp-block-heading has-light-green-cyan-color has-text-color has-link-color wp-elements-69ebe434e19b743803ca34a7f56268e4\">Les avantages du b\u00e9n\u00e9volat<\/h1>\n\n\n\n<div class=\"wp-block-columns is-layout-flex wp-container-core-columns-is-layout-28f84493 wp-block-columns-is-layout-flex\">\n<div class=\"wp-block-column is-layout-flow wp-block-column-is-layout-flow\" style=\"flex-basis:66.66%\">\n<ul class=\"wp-block-list has-raft-fg-alt-background-color has-background\">\n<li>Votre communaut\u00e9 peut b\u00e9n\u00e9ficier de vos talents, vos comp\u00e9tences et vos points de vue<\/li>\n\n\n\n<li>Vous pouvez am\u00e9liorer la vie de vos voisins et des membres de la communaut\u00e9<\/li>\n\n\n\n<li>Vous pouvez am\u00e9liorer l\u2019environnement dans lequel vous vivez<\/li>\n\n\n\n<li>Vous pouvez partager vos exp\u00e9riences et votre culture avec les gens qui vous entourent<\/li>\n\n\n\n<li>Vous pouvez discuter vos probl\u00e8mes ou besoins communautaires<\/li>\n\n\n\n<li>Vous pouvez vous joindre \u00e0 vos voisins dans la cr\u00e9ation d\u2019une collectivit\u00e9 plus inclusive \u00e0 travers l\u2019engagement et la participation<\/li>\n<\/ul>\n<\/div>\n\n\n\n<div class=\"wp-block-column is-vertically-aligned-center is-layout-flow wp-block-column-is-layout-flow\" style=\"padding-right:var(--wp--preset--spacing--40);padding-left:var(--wp--preset--spacing--40);flex-basis:33.33%\">\n<figure class=\"wp-block-image aligncenter size-full is-resized has-custom-border\"><img loading=\"lazy\" decoding=\"async\" width=\"4640\" height=\"6960\" src=\"https:\/\/www.cabvwi.org\/wp-content\/uploads\/2024\/10\/IMG_0831-1.jpeg\" alt=\"\" class=\"wp-image-1470\" style=\"border-style:none;border-width:0px;border-radius:25px;aspect-ratio:3\/4;object-fit:cover;width:auto;height:315px\"\/><\/figure>\n<\/div>\n<\/div>\n<\/div>\n\n\n\n<div class=\"wp-block-group has-raft-bg-background-color has-background is-layout-constrained wp-container-core-group-is-layout-edf05be3 wp-block-group-is-layout-constrained\" style=\"margin-top:0;margin-bottom:0;padding-top:0;padding-right:0;padding-bottom:25px;padding-left:0\">\n<h1 class=\"wp-block-heading has-light-green-cyan-color has-text-color has-link-color wp-elements-18eba979acb58606ea7157a1682311a0\">Les ressources de b\u00e9n\u00e9volat<\/h1>\n\n\n\n<div class=\"wp-block-columns is-layout-flex wp-container-core-columns-is-layout-aa016f2c wp-block-columns-is-layout-flex\" style=\"padding-bottom:var(--wp--preset--spacing--50)\">\n<div class=\"wp-block-column is-vertically-aligned-center is-layout-flow wp-block-column-is-layout-flow\" style=\"flex-basis:35%\">\n<figure class=\"wp-block-image aligncenter size-full is-resized\"><a href=\"https:\/\/www.rabq.ca\/\"><img loading=\"lazy\" decoding=\"async\" width=\"254\" height=\"186\" src=\"http:\/\/www.cabvwi.org\/wp-content\/uploads\/2023\/11\/RCAB.png\" alt=\"\" class=\"wp-image-644\" style=\"width:225px\"\/><\/a><\/figure>\n<\/div>\n\n\n\n<div class=\"wp-block-column is-vertically-aligned-center is-layout-flow wp-block-column-is-layout-flow\" style=\"flex-basis:65%\">\n<p>Acc\u00e8s B\u00e9n\u00e9volat<br>Centre d&rsquo;action b\u00e9n\u00e9vole de Bordeaux-Cartierville<br>Centre d&rsquo;action b\u00e9n\u00e9vole Montr\u00e9al<br>Centre d&rsquo;action b\u00e9n\u00e9vole Montr\u00e9al-Nord<br>Centre ABC &#8211; Centre d&rsquo;action b\u00e9n\u00e9vole et communautaires Saint-Laurent<br>Centre d&rsquo;action b\u00e9n\u00e9vole et Moisson Laval<br>Centre d&rsquo;action b\u00e9n\u00e9vole de Rivi\u00e8re-des-Prairies<\/p>\n<\/div>\n<\/div>\n\n\n\n<div class=\"wp-block-columns is-layout-flex wp-container-core-columns-is-layout-26ad6e46 wp-block-columns-is-layout-flex\" style=\"padding-top:0;padding-bottom:var(--wp--preset--spacing--50)\">\n<div class=\"wp-block-column is-vertically-aligned-top is-layout-flow wp-block-column-is-layout-flow\" style=\"flex-basis:35%\">\n<figure class=\"wp-block-image aligncenter size-full is-resized\"><a href=\"https:\/\/www.fcabq.org\/\"><img loading=\"lazy\" decoding=\"async\" width=\"750\" height=\"292\" src=\"http:\/\/www.cabvwi.org\/wp-content\/uploads\/2023\/11\/FCABQ.png\" alt=\"\" class=\"wp-image-646\" style=\"width:225px\" srcset=\"https:\/\/www.cabvwi.org\/wp-content\/uploads\/2023\/11\/FCABQ.png 750w, https:\/\/www.cabvwi.org\/wp-content\/uploads\/2023\/11\/FCABQ-300x117.png 300w\" sizes=\"auto, (max-width: 750px) 100vw, 750px\" \/><\/a><\/figure>\n<\/div>\n\n\n\n<div class=\"wp-block-column is-layout-flow wp-block-column-is-layout-flow\" style=\"flex-basis:65%\">\n<p>Le CABOI est membre de la FCABQ, un organismes qui regroupe 114 Centre d&rsquo;action b\u00e9n\u00e9vole au Qu\u00e9bec.<\/p>\n<\/div>\n<\/div>\n\n\n\n<div class=\"wp-block-columns is-layout-flex wp-container-core-columns-is-layout-aa016f2c wp-block-columns-is-layout-flex\" style=\"padding-bottom:var(--wp--preset--spacing--50)\">\n<div class=\"wp-block-column is-vertically-aligned-center is-layout-flow wp-block-column-is-layout-flow\" style=\"flex-basis:35%\">\n<figure class=\"wp-block-image aligncenter size-full is-resized\"><a href=\"https:\/\/jebenevole.ca\/\"><img decoding=\"async\" src=\"http:\/\/www.cabvwi.org\/wp-content\/uploads\/2024\/02\/LogoJebenevole_principal.svg\" alt=\"\" class=\"wp-image-917\" style=\"width:200px;height:auto\"\/><\/a><\/figure>\n<\/div>\n\n\n\n<div class=\"wp-block-column is-vertically-aligned-center is-layout-flow wp-block-column-is-layout-flow\" style=\"flex-basis:65%\">\n<p>Jeb\u00e9n\u00e9vole.ca est la seule plate forme provinciale de jumelage.<\/p>\n<\/div>\n<\/div>\n\n\n\n<div class=\"wp-block-columns is-layout-flex wp-container-core-columns-is-layout-aa016f2c wp-block-columns-is-layout-flex\" style=\"padding-bottom:var(--wp--preset--spacing--50)\">\n<div class=\"wp-block-column is-vertically-aligned-center is-layout-flow wp-block-column-is-layout-flow\" style=\"flex-basis:35%\">\n<figure class=\"wp-block-image aligncenter size-full is-resized\"><a href=\"https:\/\/volunteer.ca\/\"><img loading=\"lazy\" decoding=\"async\" width=\"400\" height=\"275\" src=\"http:\/\/www.cabvwi.org\/wp-content\/uploads\/2023\/11\/vol-can.png\" alt=\"\" class=\"wp-image-650\" style=\"width:225px\" srcset=\"https:\/\/www.cabvwi.org\/wp-content\/uploads\/2023\/11\/vol-can.png 400w, https:\/\/www.cabvwi.org\/wp-content\/uploads\/2023\/11\/vol-can-300x206.png 300w\" sizes=\"auto, (max-width: 400px) 100vw, 400px\" \/><\/a><\/figure>\n<\/div>\n\n\n\n<div class=\"wp-block-column is-vertically-aligned-center is-layout-flow wp-block-column-is-layout-flow\" style=\"flex-basis:65%\">\n<p>B\u00e9n\u00e9vole Canada assure un leadership national et une expertise.<\/p>\n<\/div>\n<\/div>\n\n\n\n<div class=\"wp-block-columns is-layout-flex wp-container-core-columns-is-layout-28f84493 wp-block-columns-is-layout-flex\">\n<div class=\"wp-block-column is-vertically-aligned-center is-layout-flow wp-block-column-is-layout-flow\" style=\"flex-basis:35%\">\n<figure class=\"wp-block-image aligncenter size-full is-resized\"><a href=\"https:\/\/www.rabq.ca\/\"><img loading=\"lazy\" decoding=\"async\" width=\"344\" height=\"114\" src=\"http:\/\/www.cabvwi.org\/wp-content\/uploads\/2023\/11\/Reseau-de-l-action-benevole-du-Quebec2-1.png\" alt=\"\" class=\"wp-image-652\" style=\"width:250px\" srcset=\"https:\/\/www.cabvwi.org\/wp-content\/uploads\/2023\/11\/Reseau-de-l-action-benevole-du-Quebec2-1.png 344w, https:\/\/www.cabvwi.org\/wp-content\/uploads\/2023\/11\/Reseau-de-l-action-benevole-du-Quebec2-1-300x99.png 300w\" sizes=\"auto, (max-width: 344px) 100vw, 344px\" \/><\/a><\/figure>\n<\/div>\n\n\n\n<div class=\"wp-block-column is-vertically-aligned-center is-layout-flow wp-block-column-is-layout-flow\" style=\"flex-basis:65%\">\n<p>RABQ est un lieu de promotion et de d\u00e9veloppement d&rsquo;une vision globale l&rsquo;Action b\u00e9n\u00e9vole au Qu\u00e9bec.<\/p>\n<\/div>\n<\/div>\n<\/div>\n","protected":false},"excerpt":{"rendered":"<p>Les droits d&rsquo;un b\u00e9n\u00e9vole Le droit de se sentir en s\u00e9curit\u00e9Vous avez le droit d\u2019\u00eatre inform\u00e9 de tous risques potentiels et d\u2019avoir des mesures de pr\u00e9caution et des proc\u00e9dures de s\u00e9curit\u00e9 en place pour assurer votre bien-\u00eatre physique et \u00e9motionnel. Le droit \u00e0 l\u2019information au sujet de votre r\u00f4le de b\u00e9n\u00e9vole ou d\u2019un projetVous avez [&hellip;]<\/p>\n","protected":false},"author":1,"featured_media":0,"parent":0,"menu_order":0,"comment_status":"closed","ping_status":"closed","template":"","meta":{"_themeisle_gutenberg_block_has_review":false,"footnotes":""},"class_list":["post-1137","page","type-page","status-publish","hentry"],"_links":{"self":[{"href":"https:\/\/www.cabvwi.org\/fr\/wp-json\/wp\/v2\/pages\/1137","targetHints":{"allow":["GET"]}}],"collection":[{"href":"https:\/\/www.cabvwi.org\/fr\/wp-json\/wp\/v2\/pages"}],"about":[{"href":"https:\/\/www.cabvwi.org\/fr\/wp-json\/wp\/v2\/types\/page"}],"author":[{"embeddable":true,"href":"https:\/\/www.cabvwi.org\/fr\/wp-json\/wp\/v2\/users\/1"}],"replies":[{"embeddable":true,"href":"https:\/\/www.cabvwi.org\/fr\/wp-json\/wp\/v2\/comments?post=1137"}],"version-history":[{"count":9,"href":"https:\/\/www.cabvwi.org\/fr\/wp-json\/wp\/v2\/pages\/1137\/revisions"}],"predecessor-version":[{"id":1913,"href":"https:\/\/www.cabvwi.org\/fr\/wp-json\/wp\/v2\/pages\/1137\/revisions\/1913"}],"wp:attachment":[{"href":"https:\/\/www.cabvwi.org\/fr\/wp-json\/wp\/v2\/media?parent=1137"}],"curies":[{"name":"wp","href":"https:\/\/api.w.org\/{rel}","templated":true}]}}